{"id":1286,"date":"2019-05-21T22:44:49","date_gmt":"2019-05-21T20:44:49","guid":{"rendered":"http:\/\/www.mumelter.de\/wp-content\/uploads\/wangen-bellermont-ritten-suedtirol_002.jpg"},"modified":"2019-05-21T22:44:49","modified_gmt":"2019-05-21T20:44:49","slug":"wangen-bellermont-ritten-suedtirol_002-2","status":"inherit","type":"attachment","link":"https:\/\/www.mumelter.de\/en\/save-the-date\/wangen-bellermont-ritten-suedtirol_002-2\/","title":{"rendered":"wangen-bellermont&#8211;ritten-suedtirol_002"},"author":2,"featured_media":0,"comment_status":"open","ping_status":"closed","template":"","meta":[],"class_list":["post-1286","attachment","type-attachment","status-inherit","hentry"],"yoast_head":"<!-- This site is optimized with the Yoast SEO plugin v27.2 - https:\/\/yoast.com\/product\/yoast-seo-wordpress\/ -->\n<title>wangen-bellermont-ritten-suedtirol_002 - Martin Mumelter, Geiger und Autor<\/title>\n<meta name=\"robots\" content=\"index, follow, max-snippet:-1, max-image-preview:large, max-video-preview:-1\" \/>\n<link rel=\"canonical\" href=\"https:\/\/www.mumelter.de\/en\/save-the-date\/wangen-bellermont-ritten-suedtirol_002-2\/\" \/>\n<meta property=\"og:locale\" content=\"en_US\" \/>\n<meta property=\"og:type\" content=\"article\" \/>\n<meta property=\"og:title\" content=\"wangen-bellermont-ritten-suedtirol_002 - Martin Mumelter, Geiger und Autor\" \/>\n<meta property=\"og:url\" content=\"https:\/\/www.mumelter.de\/en\/save-the-date\/wangen-bellermont-ritten-suedtirol_002-2\/\" \/>\n<meta property=\"og:site_name\" content=\"Martin Mumelter, Geiger und Autor\" \/>\n<meta property=\"og:image\" content=\"https:\/\/www.mumelter.de\/wp-content\/uploads\/wangen-bellermont-ritten-suedtirol_002.jpg\" \/>\n\t<meta property=\"og:image:width\" content=\"920\" \/>\n\t<meta property=\"og:image:height\" content=\"540\" \/>\n\t<meta property=\"og:image:type\" content=\"image\/jpeg\" \/>\n<meta name=\"twitter:card\" content=\"summary_large_image\" \/>\n<script type=\"application\/ld+json\" class=\"yoast-schema-graph\">{\"@context\":\"https:\/\/schema.org\",\"@graph\":[{\"@type\":\"WebPage\",\"@id\":\"https:\/\/www.mumelter.de\/en\/save-the-date\/wangen-bellermont-ritten-suedtirol_002-2\/\",\"url\":\"https:\/\/www.mumelter.de\/en\/save-the-date\/wangen-bellermont-ritten-suedtirol_002-2\/\",\"name\":\"wangen-bellermont-ritten-suedtirol_002 - Martin Mumelter, Geiger und Autor\",\"isPartOf\":{\"@id\":\"https:\/\/www.mumelter.de\/en\/#website\"},\"datePublished\":\"2019-05-21T20:44:49+00:00\",\"breadcrumb\":{\"@id\":\"https:\/\/www.mumelter.de\/en\/save-the-date\/wangen-bellermont-ritten-suedtirol_002-2\/#breadcrumb\"},\"inLanguage\":\"en-US\",\"potentialAction\":[{\"@type\":\"ReadAction\",\"target\":[\"https:\/\/www.mumelter.de\/en\/save-the-date\/wangen-bellermont-ritten-suedtirol_002-2\/\"]}]},{\"@type\":\"BreadcrumbList\",\"@id\":\"https:\/\/www.mumelter.de\/en\/save-the-date\/wangen-bellermont-ritten-suedtirol_002-2\/#breadcrumb\",\"itemListElement\":[{\"@type\":\"ListItem\",\"position\":1,\"name\":\"Startseite\",\"item\":\"https:\/\/www.mumelter.de\/en\/\"},{\"@type\":\"ListItem\",\"position\":2,\"name\":\"Save the date\",\"item\":\"https:\/\/www.mumelter.de\/en\/save-the-date\/\"},{\"@type\":\"ListItem\",\"position\":3,\"name\":\"wangen-bellermont&#8211;ritten-suedtirol_002\"}]},{\"@type\":\"WebSite\",\"@id\":\"https:\/\/www.mumelter.de\/en\/#website\",\"url\":\"https:\/\/www.mumelter.de\/en\/\",\"name\":\"Martin Mumelter, Geiger und Autor\",\"description\":\"Geiger von Bachs Soli bis zu Urauff\u00fchrungen (H\u00f6lszky u.v.a.), Klassik d. Moderne (Sch\u00f6nberg-Violinkonzert), Autor musikphilosophischer \/ literarischer Werke\",\"publisher\":{\"@id\":\"https:\/\/www.mumelter.de\/en\/#\/schema\/person\/cfe72fd6208bd84a7597c51d2de1e546\"},\"potentialAction\":[{\"@type\":\"SearchAction\",\"target\":{\"@type\":\"EntryPoint\",\"urlTemplate\":\"https:\/\/www.mumelter.de\/en\/?s={search_term_string}\"},\"query-input\":{\"@type\":\"PropertyValueSpecification\",\"valueRequired\":true,\"valueName\":\"search_term_string\"}}],\"inLanguage\":\"en-US\"},{\"@type\":[\"Person\",\"Organization\"],\"@id\":\"https:\/\/www.mumelter.de\/en\/#\/schema\/person\/cfe72fd6208bd84a7597c51d2de1e546\",\"name\":\"MM\",\"image\":{\"@type\":\"ImageObject\",\"inLanguage\":\"en-US\",\"@id\":\"https:\/\/www.mumelter.de\/wp-content\/uploads\/wangen-bellermont-ritten-suedtirol_002.jpg\",\"url\":\"https:\/\/www.mumelter.de\/wp-content\/uploads\/wangen-bellermont-ritten-suedtirol_002.jpg\",\"contentUrl\":\"https:\/\/www.mumelter.de\/wp-content\/uploads\/wangen-bellermont-ritten-suedtirol_002.jpg\",\"width\":920,\"height\":540,\"caption\":\"MM\"},\"logo\":{\"@id\":\"https:\/\/www.mumelter.de\/wp-content\/uploads\/wangen-bellermont-ritten-suedtirol_002.jpg\"}}]}<\/script>\n<!-- \/ Yoast SEO plugin. -->","yoast_head_json":{"title":"wangen-bellermont-ritten-suedtirol_002 - Martin Mumelter, Geiger und Autor","robots":{"index":"index","follow":"follow","max-snippet":"max-snippet:-1","max-image-preview":"max-image-preview:large","max-video-preview":"max-video-preview:-1"},"canonical":"https:\/\/www.mumelter.de\/en\/save-the-date\/wangen-bellermont-ritten-suedtirol_002-2\/","og_locale":"en_US","og_type":"article","og_title":"wangen-bellermont-ritten-suedtirol_002 - Martin Mumelter, Geiger und Autor","og_url":"https:\/\/www.mumelter.de\/en\/save-the-date\/wangen-bellermont-ritten-suedtirol_002-2\/","og_site_name":"Martin Mumelter, Geiger und Autor","og_image":[{"width":920,"height":540,"url":"https:\/\/www.mumelter.de\/wp-content\/uploads\/wangen-bellermont-ritten-suedtirol_002.jpg","type":"image\/jpeg"}],"twitter_card":"summary_large_image","schema":{"@context":"https:\/\/schema.org","@graph":[{"@type":"WebPage","@id":"https:\/\/www.mumelter.de\/en\/save-the-date\/wangen-bellermont-ritten-suedtirol_002-2\/","url":"https:\/\/www.mumelter.de\/en\/save-the-date\/wangen-bellermont-ritten-suedtirol_002-2\/","name":"wangen-bellermont-ritten-suedtirol_002 - Martin Mumelter, Geiger und Autor","isPartOf":{"@id":"https:\/\/www.mumelter.de\/en\/#website"},"datePublished":"2019-05-21T20:44:49+00:00","breadcrumb":{"@id":"https:\/\/www.mumelter.de\/en\/save-the-date\/wangen-bellermont-ritten-suedtirol_002-2\/#breadcrumb"},"inLanguage":"en-US","potentialAction":[{"@type":"ReadAction","target":["https:\/\/www.mumelter.de\/en\/save-the-date\/wangen-bellermont-ritten-suedtirol_002-2\/"]}]},{"@type":"BreadcrumbList","@id":"https:\/\/www.mumelter.de\/en\/save-the-date\/wangen-bellermont-ritten-suedtirol_002-2\/#breadcrumb","itemListElement":[{"@type":"ListItem","position":1,"name":"Startseite","item":"https:\/\/www.mumelter.de\/en\/"},{"@type":"ListItem","position":2,"name":"Save the date","item":"https:\/\/www.mumelter.de\/en\/save-the-date\/"},{"@type":"ListItem","position":3,"name":"wangen-bellermont&#8211;ritten-suedtirol_002"}]},{"@type":"WebSite","@id":"https:\/\/www.mumelter.de\/en\/#website","url":"https:\/\/www.mumelter.de\/en\/","name":"Martin Mumelter, Geiger und Autor","description":"Geiger von Bachs Soli bis zu Urauff\u00fchrungen (H\u00f6lszky u.v.a.), Klassik d. Moderne (Sch\u00f6nberg-Violinkonzert), Autor musikphilosophischer \/ literarischer Werke","publisher":{"@id":"https:\/\/www.mumelter.de\/en\/#\/schema\/person\/cfe72fd6208bd84a7597c51d2de1e546"},"potentialAction":[{"@type":"SearchAction","target":{"@type":"EntryPoint","urlTemplate":"https:\/\/www.mumelter.de\/en\/?s={search_term_string}"},"query-input":{"@type":"PropertyValueSpecification","valueRequired":true,"valueName":"search_term_string"}}],"inLanguage":"en-US"},{"@type":["Person","Organization"],"@id":"https:\/\/www.mumelter.de\/en\/#\/schema\/person\/cfe72fd6208bd84a7597c51d2de1e546","name":"MM","image":{"@type":"ImageObject","inLanguage":"en-US","@id":"https:\/\/www.mumelter.de\/wp-content\/uploads\/wangen-bellermont-ritten-suedtirol_002.jpg","url":"https:\/\/www.mumelter.de\/wp-content\/uploads\/wangen-bellermont-ritten-suedtirol_002.jpg","contentUrl":"https:\/\/www.mumelter.de\/wp-content\/uploads\/wangen-bellermont-ritten-suedtirol_002.jpg","width":920,"height":540,"caption":"MM"},"logo":{"@id":"https:\/\/www.mumelter.de\/wp-content\/uploads\/wangen-bellermont-ritten-suedtirol_002.jpg"}}]}},"description":{"rendered":"<p class=\"attachment\"><a data-rel=\"iLightbox[postimages]\" data-title=\"\" data-caption=\"\" href='https:\/\/www.mumelter.de\/wp-content\/uploads\/wangen-bellermont-ritten-suedtirol_002.jpg'><img decoding=\"async\" width=\"300\" height=\"176\" src=\"https:\/\/www.mumelter.de\/wp-content\/uploads\/wangen-bellermont-ritten-suedtirol_002-300x176.jpg\" class=\"attachment-medium size-medium lazyload\" alt=\"\" srcset=\"data:image\/svg+xml,%3Csvg%20xmlns%3D%27http%3A%2F%2Fwww.w3.org%2F2000%2Fsvg%27%20width%3D%27920%27%20height%3D%27540%27%20viewBox%3D%270%200%20920%20540%27%3E%3Crect%20width%3D%27920%27%20height%3D%27540%27%20fill-opacity%3D%220%22%2F%3E%3C%2Fsvg%3E\" data-orig-src=\"https:\/\/www.mumelter.de\/wp-content\/uploads\/wangen-bellermont-ritten-suedtirol_002-300x176.jpg\" data-srcset=\"https:\/\/www.mumelter.de\/wp-content\/uploads\/wangen-bellermont-ritten-suedtirol_002-200x117.jpg 200w, https:\/\/www.mumelter.de\/wp-content\/uploads\/wangen-bellermont-ritten-suedtirol_002-300x176.jpg 300w, https:\/\/www.mumelter.de\/wp-content\/uploads\/wangen-bellermont-ritten-suedtirol_002-400x235.jpg 400w, https:\/\/www.mumelter.de\/wp-content\/uploads\/wangen-bellermont-ritten-suedtirol_002-600x352.jpg 600w, https:\/\/www.mumelter.de\/wp-content\/uploads\/wangen-bellermont-ritten-suedtirol_002-768x451.jpg 768w, https:\/\/www.mumelter.de\/wp-content\/uploads\/wangen-bellermont-ritten-suedtirol_002-800x470.jpg 800w, https:\/\/www.mumelter.de\/wp-content\/uploads\/wangen-bellermont-ritten-suedtirol_002.jpg 920w\" data-sizes=\"auto\" \/><\/a><\/p>\n"},"caption":{"rendered":""},"alt_text":"","media_type":"image","mime_type":"image\/jpeg","media_details":{"width":920,"height":540,"file":"wangen-bellermont-ritten-suedtirol_002.jpg","sizes":{"thumbnail":{"file":"wangen-bellermont-ritten-suedtirol_002-150x150.jpg","width":150,"height":150,"mime_type":"image\/jpeg","source_url":"https:\/\/www.mumelter.de\/wp-content\/uploads\/wangen-bellermont-ritten-suedtirol_002-150x150.jpg"},"medium":{"file":"wangen-bellermont-ritten-suedtirol_002-300x176.jpg","width":300,"height":176,"mime_type":"image\/jpeg","source_url":"https:\/\/www.mumelter.de\/wp-content\/uploads\/wangen-bellermont-ritten-suedtirol_002-300x176.jpg"},"medium_large":{"file":"wangen-bellermont-ritten-suedtirol_002-768x451.jpg","width":768,"height":451,"mime_type":"image\/jpeg","source_url":"https:\/\/www.mumelter.de\/wp-content\/uploads\/wangen-bellermont-ritten-suedtirol_002-768x451.jpg"},"portfolio-full":{"file":"wangen-bellermont-ritten-suedtirol_002-920x400.jpg","width":920,"height":400,"mime_type":"image\/jpeg","source_url":"https:\/\/www.mumelter.de\/wp-content\/uploads\/wangen-bellermont-ritten-suedtirol_002-920x400.jpg"},"portfolio-one":{"file":"wangen-bellermont-ritten-suedtirol_002-540x272.jpg","width":540,"height":272,"mime_type":"image\/jpeg","source_url":"https:\/\/www.mumelter.de\/wp-content\/uploads\/wangen-bellermont-ritten-suedtirol_002-540x272.jpg"},"portfolio-two":{"file":"wangen-bellermont-ritten-suedtirol_002-460x295.jpg","width":460,"height":295,"mime_type":"image\/jpeg","source_url":"https:\/\/www.mumelter.de\/wp-content\/uploads\/wangen-bellermont-ritten-suedtirol_002-460x295.jpg"},"portfolio-three":{"file":"wangen-bellermont-ritten-suedtirol_002-300x214.jpg","width":300,"height":214,"mime_type":"image\/jpeg","source_url":"https:\/\/www.mumelter.de\/wp-content\/uploads\/wangen-bellermont-ritten-suedtirol_002-300x214.jpg"},"portfolio-five":{"file":"wangen-bellermont-ritten-suedtirol_002-177x142.jpg","width":177,"height":142,"mime_type":"image\/jpeg","source_url":"https:\/\/www.mumelter.de\/wp-content\/uploads\/wangen-bellermont-ritten-suedtirol_002-177x142.jpg"},"blog-large":{"file":"wangen-bellermont-ritten-suedtirol_002-669x272.jpg","width":669,"height":272,"mime_type":"image\/jpeg","source_url":"https:\/\/www.mumelter.de\/wp-content\/uploads\/wangen-bellermont-ritten-suedtirol_002-669x272.jpg"},"blog-medium":{"file":"wangen-bellermont-ritten-suedtirol_002-320x202.jpg","width":320,"height":202,"mime_type":"image\/jpeg","source_url":"https:\/\/www.mumelter.de\/wp-content\/uploads\/wangen-bellermont-ritten-suedtirol_002-320x202.jpg"},"recent-posts":{"file":"wangen-bellermont-ritten-suedtirol_002-700x441.jpg","width":700,"height":441,"mime_type":"image\/jpeg","source_url":"https:\/\/www.mumelter.de\/wp-content\/uploads\/wangen-bellermont-ritten-suedtirol_002-700x441.jpg"},"recent-works-thumbnail":{"file":"wangen-bellermont-ritten-suedtirol_002-66x66.jpg","width":66,"height":66,"mime_type":"image\/jpeg","source_url":"https:\/\/www.mumelter.de\/wp-content\/uploads\/wangen-bellermont-ritten-suedtirol_002-66x66.jpg"},"fusion-200":{"file":"wangen-bellermont-ritten-suedtirol_002-200x117.jpg","width":200,"height":117,"mime_type":"image\/jpeg","source_url":"https:\/\/www.mumelter.de\/wp-content\/uploads\/wangen-bellermont-ritten-suedtirol_002-200x117.jpg"},"fusion-400":{"file":"wangen-bellermont-ritten-suedtirol_002-400x235.jpg","width":400,"height":235,"mime_type":"image\/jpeg","source_url":"https:\/\/www.mumelter.de\/wp-content\/uploads\/wangen-bellermont-ritten-suedtirol_002-400x235.jpg"},"fusion-600":{"file":"wangen-bellermont-ritten-suedtirol_002-600x352.jpg","width":600,"height":352,"mime_type":"image\/jpeg","source_url":"https:\/\/www.mumelter.de\/wp-content\/uploads\/wangen-bellermont-ritten-suedtirol_002-600x352.jpg"},"fusion-800":{"file":"wangen-bellermont-ritten-suedtirol_002-800x470.jpg","width":800,"height":470,"mime_type":"image\/jpeg","source_url":"https:\/\/www.mumelter.de\/wp-content\/uploads\/wangen-bellermont-ritten-suedtirol_002-800x470.jpg"},"full":{"file":"wangen-bellermont-ritten-suedtirol_002.jpg","width":920,"height":540,"mime_type":"image\/jpeg","source_url":"https:\/\/www.mumelter.de\/wp-content\/uploads\/wangen-bellermont-ritten-suedtirol_002.jpg"}},"image_meta":{"aperture":"0","credit":"","camera":"","caption":"","created_timestamp":"0","copyright":"","focal_length":"0","iso":"0","shutter_speed":"0","title":"","orientation":"0","keywords":[]}},"post":1309,"source_url":"https:\/\/www.mumelter.de\/wp-content\/uploads\/wangen-bellermont-ritten-suedtirol_002.jpg","_links":{"self":[{"href":"https:\/\/www.mumelter.de\/en\/wp-json\/wp\/v2\/media\/1286","targetHints":{"allow":["GET"]}}],"collection":[{"href":"https:\/\/www.mumelter.de\/en\/wp-json\/wp\/v2\/media"}],"about":[{"href":"https:\/\/www.mumelter.de\/en\/wp-json\/wp\/v2\/types\/attachment"}],"author":[{"embeddable":true,"href":"https:\/\/www.mumelter.de\/en\/wp-json\/wp\/v2\/users\/2"}],"replies":[{"embeddable":true,"href":"https:\/\/www.mumelter.de\/en\/wp-json\/wp\/v2\/comments?post=1286"}],"wp:attached-to":[{"embeddable":true,"post_type":"page","id":1309,"href":"https:\/\/www.mumelter.de\/en\/wp-json\/wp\/v2\/pages\/1309"}],"curies":[{"name":"wp","href":"https:\/\/api.w.org\/{rel}","templated":true}]}}